{"id":1474,"date":"2024-04-20T18:28:20","date_gmt":"2024-04-20T21:28:20","guid":{"rendered":"https:\/\/festejo.art.br\/2024\/ouro-preto\/?page_id=1474"},"modified":"2024-05-13T21:13:46","modified_gmt":"2024-05-14T00:13:46","slug":"como-chegar","status":"publish","type":"page","link":"https:\/\/festejo.art.br\/2024\/ouro-preto\/como-chegar\/","title":{"rendered":"Como chegar"},"content":{"rendered":"\t\t<div data-elementor-type=\"wp-page\" data-elementor-id=\"1474\" class=\"elementor elementor-1474\">\n\t\t\t\t\t\t<section class=\"elementor-section elementor-top-section elementor-element elementor-element-4fca988 elementor-section-boxed elementor-section-height-default elementor-section-height-default\" data-id=\"4fca988\" data-element_type=\"section\" data-settings=\"{&quot;background_background&quot;:&quot;classic&quot;}\">\n\t\t\t\t\t\t<div class=\"elementor-container elementor-column-gap-default\">\n\t\t\t\t\t<div class=\"elementor-column elementor-col-100 elementor-top-column elementor-element elementor-element-3d0857c\" data-id=\"3d0857c\" data-element_type=\"column\" data-settings=\"{&quot;background_background&quot;:&quot;classic&quot;}\">\n\t\t\t<div class=\"elementor-widget-wrap elementor-element-populated\">\n\t\t\t\t\t\t<section class=\"elementor-section elementor-inner-section elementor-element elementor-element-aa632d4 elementor-section-full_width elementor-section-height-default elementor-section-height-default\" data-id=\"aa632d4\" data-element_type=\"section\">\n\t\t\t\t\t\t<div class=\"elementor-container elementor-column-gap-default\">\n\t\t\t\t\t<div class=\"elementor-column elementor-col-100 elementor-inner-column elementor-element elementor-element-57709f2\" data-id=\"57709f2\" data-element_type=\"column\">\n\t\t\t<div class=\"elementor-widget-wrap elementor-element-populated\">\n\t\t\t\t\t\t<div class=\"elementor-element elementor-element-a53e7e7 elementor-widget elementor-widget-heading\" data-id=\"a53e7e7\" data-element_type=\"widget\" data-widget_type=\"heading.default\">\n\t\t\t\t<div class=\"elementor-widget-container\">\n\t\t\t<h2 class=\"elementor-heading-title elementor-size-default\">Como chegar<\/h2>\t\t<\/div>\n\t\t\t\t<\/div>\n\t\t\t\t<div class=\"elementor-element elementor-element-cade422 elementor-widget__width-inherit elementor-widget-tablet__width-initial elementor-widget elementor-widget-text-editor\" data-id=\"cade422\" data-element_type=\"widget\" data-widget_type=\"text-editor.default\">\n\t\t\t\t<div class=\"elementor-widget-container\">\n\t\t\t\t\t\t\t<p>A Vila da Chapada \u00e9&nbsp;subdistrito de Ouro Preto. Margeado pelas serras do Trov\u00e3o e da Chapada, o pequeno vilarejo \u00e9 lar de pouco mais de 100 pessoas, mas \u00e9 visitado durante todo o ano.<\/p>\n<p>Nosso encontro vai ser na pra\u00e7a principal, em frente \u00e0 Capela Santana.<\/p>\n<p><strong>Como chegar<\/strong><\/p>\n<p>De carro, a viagem dura cerca de 2 horas partindo de Belo Horizonte via BR-356. A Vila da Chapada fica a 15 km de Ouro Preto e a cerca de 8 km de Lavras Novas.<\/p>\n<p>De \u00f4nibus, o destino \u00e9 a rodovi\u00e1ria de Ouro Preto &#8211; de l\u00e1, o trajeto at\u00e9 a Chapada pode ser feito por carros de aplicativo.<\/p>\n<p><iframe style=\"border: 0;\" src=\"https:\/\/www.google.com\/maps\/embed?pb=!1m18!1m12!1m3!1d934.4286213877389!2d-43.55094573036276!3d-20.47691674245006!2m3!1f0!2f0!3f0!3m2!1i1024!2i768!4f13.1!3m3!1m2!1s0xa3f40f9dd789df%3A0xd7328712390a2d2a!2sCapela%20Santana!5e0!3m2!1spt-BR!2sbr!4v1713648698929!5m2!1spt-BR!2sbr\" width=\"600\" height=\"300\" allowfullscreen=\"allowfullscreen\"><\/iframe><\/p>\n<p><strong>Onde ficar<\/strong><br>Para quem quiser aproveitar o final de semana na regi\u00e3o, fizemos um levantamento de op\u00e7\u00f5es de hospedagens:<\/p>\n<ul>\n<li><strong>Camping<\/strong>\n<ul>\n<li>Camping Bela Vista 31985618162<\/li>\n<\/ul>\n<\/li>\n<li><strong>Casas<\/strong>\n<ul>\n<li>Glaucia 31 98545-5719<\/li>\n<li>Casa e Loft azul 99942-5404<\/li>\n<li>Casas do Ti\u00e3o 31 987541406<\/li>\n<li>Casas ABIGAIL 031 988942050<\/li>\n<li>Casa Rubi 31 992000103<\/li>\n<li>Casa Brasil Gerais- 31 99196-7274<\/li>\n<\/ul>\n<\/li>\n<li><strong>Chal\u00e9s<\/strong>\n<ul>\n<li>Chal\u00e9s do Descansador &#8211;&nbsp; Alderico 31 989496636<\/li>\n<li>\u2060Chal\u00e9 Canto da Siriema 31 994605749<\/li>\n<li>Chal\u00e9 Aconchego da Paz&nbsp; 31 989728396<\/li>\n<li>Chal\u00e9 da Vila 31 986307096<\/li>\n<li>Chal\u00e9 Vila da Terra 31 996359295<\/li>\n<li>Chal\u00e9 Tr\u00eas Marias 31 985896883<\/li>\n<\/ul>\n<\/li>\n<li><strong>Pousadas<\/strong>\n<ul>\n<li>Est\u00e2ncia dos Maias &#8211; Leandro 31 986748186<\/li>\n<li>Pousada Candeias 31 986119496<\/li>\n<li>Chal\u00e9s da Pedra<br>31 98805211<\/li>\n<li>Pousada Brisa de Lavras 31 995910232<\/li>\n<li>\u2060Pousada Sossego 31 986060320<\/li>\n<li>Pousada Kokopelli 31 999611331<\/li>\n<\/ul>\n<\/li>\n<li><strong>Lofts<\/strong>\n<ul>\n<li>Loft do Ti\u00e3o 31 987541406<\/li>\n<\/ul>\n<\/li>\n<li><strong>Su\u00edtes<\/strong>\n<ul>\n<li>Su\u00edte do Ti\u00e3o 31 987541406<\/li>\n<li>Vista de Lavras 31 986951926<\/li>\n<li>Su\u00edtes Lar doce Lar 31 987794015<\/li>\n<li>Casa e Loft Alvorada 31 996516422<\/li>\n<li>Su\u00edte Hort\u00eansias<br>31 988215056<\/li>\n<li>A Casa Lavras Novas 31 996739776<\/li>\n<li>Pousada Bem Querer<br>31 999720535 \/31 997871604<\/li>\n<li>Vila das Artes 31 996330297<\/li>\n<li>Vila de Gaia 31 987298827<\/li>\n<li>Casa do Lago 31 988747419<\/li>\n<li>Pousada Dona Rosa 31 999280127<\/li>\n<li>Morada do Chabeco 31 999937975<\/li>\n<li>Su\u00edte dos Prazeres 31 987733486<\/li>\n<li>Pousada Buiei\u00e9 31 988777407<\/li>\n<li>Pousada Pouso e Prosa 31 988127747<\/li>\n<li>Pousada Villa Verde 31 988789003<\/li>\n<li>Chal\u00e9 de Elisa 31<br>994258093<\/li>\n<li>Pousada Beija-Flor 31 999507464<\/li>\n<li>Pousada Chal\u00e9s das Andorinhas 31 999507464<\/li>\n<\/ul>\n<\/li>\n<\/ul>\t\t\t\t\t\t<\/div>\n\t\t\t\t<\/div>\n\t\t\t\t\t<\/div>\n\t\t<\/div>\n\t\t\t\t\t<\/div>\n\t\t<\/section>\n\t\t\t\t\t<\/div>\n\t\t<\/div>\n\t\t\t\t\t<\/div>\n\t\t<\/section>\n\t\t\t\t<section class=\"elementor-section elementor-top-section elementor-element elementor-element-1d3d670 elementor-section-full_width elementor-section-height-default elementor-section-height-default\" data-id=\"1d3d670\" data-element_type=\"section\" data-settings=\"{&quot;background_background&quot;:&quot;classic&quot;}\">\n\t\t\t\t\t\t<div class=\"elementor-container elementor-column-gap-default\">\n\t\t\t\t\t<div class=\"elementor-column elementor-col-100 elementor-top-column elementor-element elementor-element-63d82c2\" data-id=\"63d82c2\" data-element_type=\"column\">\n\t\t\t<div class=\"elementor-widget-wrap elementor-element-populated\">\n\t\t\t\t\t\t<div class=\"elementor-element elementor-element-e711c53 elementor-shape-square e-grid-align-mobile-left elementor-grid-0 e-grid-align-center elementor-widget elementor-widget-social-icons\" data-id=\"e711c53\" data-element_type=\"widget\" data-widget_type=\"social-icons.default\">\n\t\t\t\t<div class=\"elementor-widget-container\">\n\t\t\t\t\t<div class=\"elementor-social-icons-wrapper elementor-grid\">\n\t\t\t\t\t\t\t<span class=\"elementor-grid-item\">\n\t\t\t\t\t<a class=\"elementor-icon elementor-social-icon elementor-social-icon-facebook elementor-repeater-item-d533e3a\" href=\"https:\/\/www.facebook.com\/festejotambormineiro\/\" target=\"_blank\">\n\t\t\t\t\t\t<span class=\"elementor-screen-only\">Facebook<\/span>\n\t\t\t\t\t\t<i class=\"fab fa-facebook\"><\/i>\t\t\t\t\t<\/a>\n\t\t\t\t<\/span>\n\t\t\t\t\t\t\t<span class=\"elementor-grid-item\">\n\t\t\t\t\t<a class=\"elementor-icon elementor-social-icon elementor-social-icon-instagram elementor-repeater-item-a60936e\" href=\"https:\/\/www.instagram.com\/festejotambormineiro\/\" target=\"_blank\">\n\t\t\t\t\t\t<span class=\"elementor-screen-only\">Instagram<\/span>\n\t\t\t\t\t\t<i class=\"fab fa-instagram\"><\/i>\t\t\t\t\t<\/a>\n\t\t\t\t<\/span>\n\t\t\t\t\t\t\t<span class=\"elementor-grid-item\">\n\t\t\t\t\t<a class=\"elementor-icon elementor-social-icon elementor-social-icon-youtube elementor-repeater-item-b6eb838\" href=\"https:\/\/www.youtube.com\/festejotambormineiro\" target=\"_blank\">\n\t\t\t\t\t\t<span class=\"elementor-screen-only\">Youtube<\/span>\n\t\t\t\t\t\t<i class=\"fab fa-youtube\"><\/i>\t\t\t\t\t<\/a>\n\t\t\t\t<\/span>\n\t\t\t\t\t\t\t<span class=\"elementor-grid-item\">\n\t\t\t\t\t<a class=\"elementor-icon elementor-social-icon elementor-social-icon-envelope elementor-repeater-item-d431c3a\" href=\"mailto:festejo@napele.com.br\" target=\"_blank\">\n\t\t\t\t\t\t<span class=\"elementor-screen-only\">Envelope<\/span>\n\t\t\t\t\t\t<i class=\"fas fa-envelope\"><\/i>\t\t\t\t\t<\/a>\n\t\t\t\t<\/span>\n\t\t\t\t\t<\/div>\n\t\t\t\t<\/div>\n\t\t\t\t<\/div>\n\t\t\t\t<div class=\"elementor-element elementor-element-f9ac30f elementor-widget elementor-widget-text-editor\" data-id=\"f9ac30f\" data-element_type=\"widget\" data-widget_type=\"text-editor.default\">\n\t\t\t\t<div class=\"elementor-widget-container\">\n\t\t\t\t\t\t\t<p>festejo@napele.com.br<\/p>\t\t\t\t\t\t<\/div>\n\t\t\t\t<\/div>\n\t\t\t\t\t<\/div>\n\t\t<\/div>\n\t\t\t\t\t<\/div>\n\t\t<\/section>\n\t\t\t\t<section class=\"elementor-section elementor-top-section elementor-element elementor-element-977b996 elementor-section-boxed elementor-section-height-default elementor-section-height-default\" data-id=\"977b996\" data-element_type=\"section\" data-settings=\"{&quot;background_background&quot;:&quot;classic&quot;}\">\n\t\t\t\t\t\t<div class=\"elementor-container elementor-column-gap-default\">\n\t\t\t\t\t<div class=\"elementor-column elementor-col-100 elementor-top-column elementor-element elementor-element-b45da27\" data-id=\"b45da27\" data-element_type=\"column\">\n\t\t\t<div class=\"elementor-widget-wrap elementor-element-populated\">\n\t\t\t\t\t\t<div class=\"elementor-element elementor-element-5298dce elementor-hidden-phone elementor-widget elementor-widget-image\" data-id=\"5298dce\" data-element_type=\"widget\" data-widget_type=\"image.default\">\n\t\t\t\t<div class=\"elementor-widget-container\">\n\t\t\t\t\t\t\t\t\t\t\t\t\t<img fetchpriority=\"high\" decoding=\"async\" width=\"1146\" height=\"169\" src=\"https:\/\/festejo.art.br\/2024\/ouro-preto\/wp-content\/uploads\/2024\/04\/regua_patrocinio.png\" class=\"attachment-full size-full wp-image-1409\" alt=\"\" srcset=\"https:\/\/festejo.art.br\/2024\/ouro-preto\/wp-content\/uploads\/2024\/04\/regua_patrocinio.png 1146w, https:\/\/festejo.art.br\/2024\/ouro-preto\/wp-content\/uploads\/2024\/04\/regua_patrocinio-300x44.png 300w, https:\/\/festejo.art.br\/2024\/ouro-preto\/wp-content\/uploads\/2024\/04\/regua_patrocinio-1024x151.png 1024w, https:\/\/festejo.art.br\/2024\/ouro-preto\/wp-content\/uploads\/2024\/04\/regua_patrocinio-768x113.png 768w\" sizes=\"(max-width: 1146px) 100vw, 1146px\" \/>\t\t\t\t\t\t\t\t\t\t\t\t\t<\/div>\n\t\t\t\t<\/div>\n\t\t\t\t\t<\/div>\n\t\t<\/div>\n\t\t\t\t\t<\/div>\n\t\t<\/section>\n\t\t\t\t<\/div>\n\t\t","protected":false},"excerpt":{"rendered":"<p>Como chegar A Vila da Chapada \u00e9&nbsp;subdistrito de Ouro Preto. Margeado pelas serras do Trov\u00e3o e da Chapada, o pequeno vilarejo \u00e9 lar de pouco mais de 100 pessoas, mas \u00e9 visitado durante todo o ano. Nosso encontro vai ser na pra\u00e7a principal, em frente \u00e0 Capela Santana. Como chegar De carro, a viagem dura [&hellip;]<\/p>\n","protected":false},"author":1,"featured_media":0,"parent":0,"menu_order":0,"comment_status":"closed","ping_status":"closed","template":"elementor_header_footer","meta":{"footnotes":""},"_links":{"self":[{"href":"https:\/\/festejo.art.br\/2024\/ouro-preto\/wp-json\/wp\/v2\/pages\/1474"}],"collection":[{"href":"https:\/\/festejo.art.br\/2024\/ouro-preto\/wp-json\/wp\/v2\/pages"}],"about":[{"href":"https:\/\/festejo.art.br\/2024\/ouro-preto\/wp-json\/wp\/v2\/types\/page"}],"author":[{"embeddable":true,"href":"https:\/\/festejo.art.br\/2024\/ouro-preto\/wp-json\/wp\/v2\/users\/1"}],"replies":[{"embeddable":true,"href":"https:\/\/festejo.art.br\/2024\/ouro-preto\/wp-json\/wp\/v2\/comments?post=1474"}],"version-history":[{"count":22,"href":"https:\/\/festejo.art.br\/2024\/ouro-preto\/wp-json\/wp\/v2\/pages\/1474\/revisions"}],"predecessor-version":[{"id":1578,"href":"https:\/\/festejo.art.br\/2024\/ouro-preto\/wp-json\/wp\/v2\/pages\/1474\/revisions\/1578"}],"wp:attachment":[{"href":"https:\/\/festejo.art.br\/2024\/ouro-preto\/wp-json\/wp\/v2\/media?parent=1474"}],"curies":[{"name":"wp","href":"https:\/\/api.w.org\/{rel}","templated":true}]}}